{"id":346,"date":"2023-09-10T21:01:41","date_gmt":"2023-09-10T18:01:41","guid":{"rendered":"https:\/\/aslihazalakalin.av.tr\/tr\/?page_id=346"},"modified":"2023-09-10T22:13:01","modified_gmt":"2023-09-10T19:13:01","slug":"idare-ve-vergi-hukuku","status":"publish","type":"page","link":"https:\/\/aslihazalakalin.av.tr\/tr\/index.php\/idare-ve-vergi-hukuku\/","title":{"rendered":"\u0130dare ve Vergi Hukuku"},"content":{"rendered":"\t\t<div data-elementor-type=\"wp-page\" data-elementor-id=\"346\" class=\"elementor elementor-346\">\n\t\t\t\t\t\t\t\t\t<section class=\"elementor-section elementor-top-section elementor-element elementor-element-5ffaef1c elementor-section-boxed elementor-section-height-default elementor-section-height-default\" data-id=\"5ffaef1c\" data-element_type=\"section\">\n\t\t\t\t\t\t<div class=\"elementor-container elementor-column-gap-default\">\n\t\t\t\t\t<div class=\"elementor-column elementor-col-100 elementor-top-column elementor-element elementor-element-3f931b03\" data-id=\"3f931b03\" data-element_type=\"column\">\n\t\t\t<div class=\"elementor-widget-wrap elementor-element-populated\">\n\t\t\t\t\t\t\t\t<div class=\"elementor-element elementor-element-196cd0fd elementor-widget elementor-widget-text-editor\" data-id=\"196cd0fd\" data-element_type=\"widget\" data-widget_type=\"text-editor.default\">\n\t\t\t\t<div class=\"elementor-widget-container\">\n\t\t\t<style>\/*! elementor - v3.15.0 - 20-08-2023 *\/\n.elementor-widget-text-editor.elementor-drop-cap-view-stacked .elementor-drop-cap{background-color:#69727d;color:#fff}.elementor-widget-text-editor.elementor-drop-cap-view-framed .elementor-drop-cap{color:#69727d;border:3px solid;background-color:transparent}.elementor-widget-text-editor:not(.elementor-drop-cap-view-default) .elementor-drop-cap{margin-top:8px}.elementor-widget-text-editor:not(.elementor-drop-cap-view-default) .elementor-drop-cap-letter{width:1em;height:1em}.elementor-widget-text-editor .elementor-drop-cap{float:left;text-align:center;line-height:1;font-size:50px}.elementor-widget-text-editor .elementor-drop-cap-letter{display:inline-block}<\/style>\t\t\t\t<p><!-- wp:paragraph --><\/p>\n<p>\u0130darenin amac\u0131 ve varl\u0131k sebebi kamu yarar\u0131d\u0131r. Kamu yarar\u0131 ve toplumun iyili\u011fi i\u00e7in gereken kamu hizmetleri sunmak g\u00f6revidir. Bu anlamda g\u00f6revini yerine getirirken kamu kudretini kullan\u0131r. \u0130dare Hukuku \u00f6zerk ve gen\u00e7 bir hukuk dal\u0131d\u0131r. Ayn\u0131 zamanda d\u00fczenlenmemi\u015f, i\u00e7tihadi, e\u015fitsizlik ilkesi \u00fczerine kurulu, milli, dinamik, disiplinler aras\u0131 ve anayasa hukukunun somutla\u015fm\u0131\u015f halidir. \u0130dare hukukunun kurum ve kurallar\u0131n\u0131n uygulanmas\u0131ndan kaynaklanan uyu\u015fmazl\u0131klar idari yarg\u0131da yani idare mahkemelerinde \u00e7\u00f6z\u00fcmlenir. \u00dclkemizde idari yarg\u0131 \u0130dare ve vergi mahkemeleri, b\u00f6lge idare mahkemesi, Dan\u0131\u015ftay\u2019dan olu\u015fmaktad\u0131r. \u0130dare mahkemelerinde genel olarak kamu hizmetlerinin y\u00fcr\u00fct\u00fclmesi i\u00e7in yap\u0131lan idari s\u00f6zle\u015fmelere ili\u015fkin davalar (tahkim yolu \u00f6ng\u00f6r\u00fclen imtiyaz \u015fartla\u015fma ve s\u00f6zle\u015fmelerinden do\u011fan uyu\u015fmazl\u0131klar hari\u00e7), iptal ve tam yarg\u0131 davalar\u0131 g\u00f6r\u00fclmektedir<br><br>Vergi Hukuku ise vergi sistemi gere\u011fi bir \u00fclkede belirli zamanda uygulanan vergilerin tamam\u0131n\u0131 kapsayan vergi ile ilgili i\u015flemler nedeniyle ki\u015filer ve devlet aras\u0131ndaki hak ve y\u00fck\u00fcml\u00fcl\u00fckleri inceleyen, yarg\u0131lamada 3475 say\u0131l\u0131 Vergi Usul Kanunu ve \u00f6zel nitelikteki yasalar\u0131 benimseyen bir kamu hukuku alan\u0131d\u0131r. Vergi ile ilgili uyu\u015fmazl\u0131klar\u0131n \u00e7\u00f6z\u00fcm\u00fc i\u00e7in Vergi mahkemeleri, B\u00f6lge \u0130dare Mahkemeleri ve Dan\u0131\u015ftay yetkilidir. Vergi mahkemelerinde iptal ve tam yarg\u0131 davalar\u0131 g\u00f6r\u00fclmektedir.<\/p>\n<p><!-- \/wp:paragraph --><\/p>\n<p><!-- wp:paragraph --><\/p>\n<p>Av. Asl\u0131 Hazal AKALIN Avukatl\u0131k ve Dan\u0131\u015fmanl\u0131k Ofisi, \u0130dare ve Vergi Hukuku alan\u0131nda da m\u00fcvekkillere \u0130dare ve Vergi Mahkemelerinde a\u00e7\u0131lacak \u0130ptal ve Tam yarg\u0131 Davalar\u0131 Takibi ve Y\u00fcr\u00fct\u00fclmesi hususunda avukatl\u0131k ve dan\u0131\u015fmanl\u0131k hizmeti vermektedir. Avukatl\u0131k ofisimizde idare ve vergi hukukuyla ilgili davalarda m\u00fcvekkillerin hak kay\u0131plar\u0131 ya\u015famas\u0131n\u0131n \u00f6n\u00fcne ge\u00e7mek, hukuki s\u00fcrecin en iyi \u015fekilde takibini ba\u015ftan sona sa\u011fl\u0131kl\u0131 bir \u015fekilde y\u00fcr\u00fctebilmek ad\u0131na m\u00fcvekkillerle d\u00fczenli ileti\u015fim halinde kal\u0131narak \u00e7al\u0131\u015fmalar\u0131m\u0131z titizlik ve s\u0131k\u0131 bir disiplin i\u00e7erisinde y\u00fcr\u00fct\u00fclmektedir.<\/p>\n<p><!-- \/wp:paragraph --><\/p>\t\t\t\t\t\t<\/div>\n\t\t\t\t<\/div>\n\t\t\t\t\t<\/div>\n\t\t<\/div>\n\t\t\t\t\t\t\t<\/div>\n\t\t<\/section>\n\t\t\t\t\t\t\t<\/div>\n\t\t","protected":false},"excerpt":{"rendered":"<p>\u0130darenin amac\u0131 ve varl\u0131k sebebi kamu yarar\u0131d\u0131r. Kamu yarar\u0131 ve toplumun iyili\u011fi i\u00e7in gereken kamu hizmetleri sunmak g\u00f6revidir. Bu anlamda g\u00f6revini yerine getirirken kamu kudretini kullan\u0131r. \u0130dare Hukuku \u00f6zerk ve gen\u00e7 bir hukuk dal\u0131d\u0131r. Ayn\u0131 zamanda d\u00fczenlenmemi\u015f, i\u00e7tihadi, e\u015fitsizlik ilkesi \u00fczerine kurulu, milli, dinamik, disiplinler aras\u0131 ve anayasa hukukunun somutla\u015fm\u0131\u015f halidir. \u0130dare hukukunun kurum ve &hellip; <\/p>\n<p class=\"link-more\"><a href=\"https:\/\/aslihazalakalin.av.tr\/tr\/index.php\/idare-ve-vergi-hukuku\/\" class=\"more-link\"><span class=\"screen-reader-text\"> &#8220;\u0130dare ve Vergi Hukuku&#8221;<\/span>devam\u0131n\u0131 oku<\/a><\/p>\n","protected":false},"author":1,"featured_media":296,"parent":0,"menu_order":0,"comment_status":"closed","ping_status":"closed","template":"","meta":{"footnotes":""},"class_list":["post-346","page","type-page","status-publish","has-post-thumbnail","hentry"],"featured_media_urls":{"thumbnail":["https:\/\/aslihazalakalin.av.tr\/tr\/wp-content\/uploads\/2023\/08\/ZonguldakveAdaletSarayi-Arkaplan2000x318-150x150.png",150,150,true],"medium":["https:\/\/aslihazalakalin.av.tr\/tr\/wp-content\/uploads\/2023\/08\/ZonguldakveAdaletSarayi-Arkaplan2000x318-300x48.png",300,48,true],"medium_large":["https:\/\/aslihazalakalin.av.tr\/tr\/wp-content\/uploads\/2023\/08\/ZonguldakveAdaletSarayi-Arkaplan2000x318-768x122.png",768,122,true],"large":["https:\/\/aslihazalakalin.av.tr\/tr\/wp-content\/uploads\/2023\/08\/ZonguldakveAdaletSarayi-Arkaplan2000x318-1024x163.png",950,151,true],"1536x1536":["https:\/\/aslihazalakalin.av.tr\/tr\/wp-content\/uploads\/2023\/08\/ZonguldakveAdaletSarayi-Arkaplan2000x318-1536x244.png",1536,244,true],"2048x2048":["https:\/\/aslihazalakalin.av.tr\/tr\/wp-content\/uploads\/2023\/08\/ZonguldakveAdaletSarayi-Arkaplan2000x318.png",2000,318,false],"inspiro-featured-image":["https:\/\/aslihazalakalin.av.tr\/tr\/wp-content\/uploads\/2023\/08\/ZonguldakveAdaletSarayi-Arkaplan2000x318.png",2000,318,false],"inspiro-loop":["https:\/\/aslihazalakalin.av.tr\/tr\/wp-content\/uploads\/2023\/08\/ZonguldakveAdaletSarayi-Arkaplan2000x318-950x318.png",950,318,true],"inspiro-loop@2x":["https:\/\/aslihazalakalin.av.tr\/tr\/wp-content\/uploads\/2023\/08\/ZonguldakveAdaletSarayi-Arkaplan2000x318-1900x318.png",1900,318,true],"portfolio_item-thumbnail":["https:\/\/aslihazalakalin.av.tr\/tr\/wp-content\/uploads\/2023\/08\/ZonguldakveAdaletSarayi-Arkaplan2000x318-600x318.png",600,318,true],"portfolio_item-thumbnail@2x":["https:\/\/aslihazalakalin.av.tr\/tr\/wp-content\/uploads\/2023\/08\/ZonguldakveAdaletSarayi-Arkaplan2000x318-1200x318.png",1200,318,true],"portfolio_item-masonry":["https:\/\/aslihazalakalin.av.tr\/tr\/wp-content\/uploads\/2023\/08\/ZonguldakveAdaletSarayi-Arkaplan2000x318-600x95.png",600,95,true],"portfolio_item-masonry@2x":["https:\/\/aslihazalakalin.av.tr\/tr\/wp-content\/uploads\/2023\/08\/ZonguldakveAdaletSarayi-Arkaplan2000x318-1200x191.png",1200,191,true],"portfolio_item-thumbnail_cinema":["https:\/\/aslihazalakalin.av.tr\/tr\/wp-content\/uploads\/2023\/08\/ZonguldakveAdaletSarayi-Arkaplan2000x318-800x318.png",800,318,true],"portfolio_item-thumbnail_portrait":["https:\/\/aslihazalakalin.av.tr\/tr\/wp-content\/uploads\/2023\/08\/ZonguldakveAdaletSarayi-Arkaplan2000x318-600x318.png",600,318,true],"portfolio_item-thumbnail_portrait@2x":["https:\/\/aslihazalakalin.av.tr\/tr\/wp-content\/uploads\/2023\/08\/ZonguldakveAdaletSarayi-Arkaplan2000x318-1200x318.png",1200,318,true],"portfolio_item-thumbnail_square":["https:\/\/aslihazalakalin.av.tr\/tr\/wp-content\/uploads\/2023\/08\/ZonguldakveAdaletSarayi-Arkaplan2000x318-800x318.png",800,318,true]},"_links":{"self":[{"href":"https:\/\/aslihazalakalin.av.tr\/tr\/index.php\/wp-json\/wp\/v2\/pages\/346","targetHints":{"allow":["GET"]}}],"collection":[{"href":"https:\/\/aslihazalakalin.av.tr\/tr\/index.php\/wp-json\/wp\/v2\/pages"}],"about":[{"href":"https:\/\/aslihazalakalin.av.tr\/tr\/index.php\/wp-json\/wp\/v2\/types\/page"}],"author":[{"embeddable":true,"href":"https:\/\/aslihazalakalin.av.tr\/tr\/index.php\/wp-json\/wp\/v2\/users\/1"}],"replies":[{"embeddable":true,"href":"https:\/\/aslihazalakalin.av.tr\/tr\/index.php\/wp-json\/wp\/v2\/comments?post=346"}],"version-history":[{"count":5,"href":"https:\/\/aslihazalakalin.av.tr\/tr\/index.php\/wp-json\/wp\/v2\/pages\/346\/revisions"}],"predecessor-version":[{"id":414,"href":"https:\/\/aslihazalakalin.av.tr\/tr\/index.php\/wp-json\/wp\/v2\/pages\/346\/revisions\/414"}],"wp:featuredmedia":[{"embeddable":true,"href":"https:\/\/aslihazalakalin.av.tr\/tr\/index.php\/wp-json\/wp\/v2\/media\/296"}],"wp:attachment":[{"href":"https:\/\/aslihazalakalin.av.tr\/tr\/index.php\/wp-json\/wp\/v2\/media?parent=346"}],"curies":[{"name":"wp","href":"https:\/\/api.w.org\/{rel}","templated":true}]}}