{"id":334,"date":"2023-09-07T15:04:07","date_gmt":"2023-09-07T12:04:07","guid":{"rendered":"https:\/\/aslihazalakalin.av.tr\/tr\/?page_id=334"},"modified":"2023-09-07T15:10:53","modified_gmt":"2023-09-07T12:10:53","slug":"is-ve-sosyal-guvenlik-hukuku","status":"publish","type":"page","link":"https:\/\/aslihazalakalin.av.tr\/tr\/index.php\/is-ve-sosyal-guvenlik-hukuku\/","title":{"rendered":"\u0130\u015f ve Sosyal G\u00fcvenlik Hukuku"},"content":{"rendered":"\t\t<div data-elementor-type=\"wp-page\" data-elementor-id=\"334\" class=\"elementor elementor-334\">\n\t\t\t\t\t\t\t\t\t<section class=\"elementor-section elementor-top-section elementor-element elementor-element-9369c09 elementor-section-boxed elementor-section-height-default elementor-section-height-default\" data-id=\"9369c09\" data-element_type=\"section\">\n\t\t\t\t\t\t<div class=\"elementor-container elementor-column-gap-default\">\n\t\t\t\t\t<div class=\"elementor-column elementor-col-100 elementor-top-column elementor-element elementor-element-9b84493\" data-id=\"9b84493\" data-element_type=\"column\">\n\t\t\t<div class=\"elementor-widget-wrap elementor-element-populated\">\n\t\t\t\t\t\t\t\t<div class=\"elementor-element elementor-element-efcc15a elementor-widget__width-initial elementor-widget elementor-widget-text-editor\" data-id=\"efcc15a\" data-element_type=\"widget\" data-widget_type=\"text-editor.default\">\n\t\t\t\t<div class=\"elementor-widget-container\">\n\t\t\t<style>\/*! elementor - v3.15.0 - 20-08-2023 *\/\n.elementor-widget-text-editor.elementor-drop-cap-view-stacked .elementor-drop-cap{background-color:#69727d;color:#fff}.elementor-widget-text-editor.elementor-drop-cap-view-framed .elementor-drop-cap{color:#69727d;border:3px solid;background-color:transparent}.elementor-widget-text-editor:not(.elementor-drop-cap-view-default) .elementor-drop-cap{margin-top:8px}.elementor-widget-text-editor:not(.elementor-drop-cap-view-default) .elementor-drop-cap-letter{width:1em;height:1em}.elementor-widget-text-editor .elementor-drop-cap{float:left;text-align:center;line-height:1;font-size:50px}.elementor-widget-text-editor .elementor-drop-cap-letter{display:inline-block}<\/style>\t\t\t\t<p>\u0130\u015f Hukuku i\u015f\u00e7i ve i\u015fveren aras\u0131ndaki hizmet akdinden do\u011fan uyu\u015fmazl\u0131klar\u0131n \u00e7\u00f6z\u00fcmlenmesi, \u00e7al\u0131\u015fan\u0131n izinlerinden emeklilik s\u00fcrecine, i\u015fverenin i\u015ften \u00e7\u0131karma ve fesih uygulamas\u0131na kadar t\u00fcm \u00e7al\u0131\u015fma hayat\u0131 unsurlar\u0131 konular\u0131n\u0131 ele alan bir \u00f6zel hukuk dal\u0131 olup, Sosyal G\u00fcvenlik Hukuku ise anayasa taraf\u0131ndan sosyal g\u00fcvenlik hakk\u0131 olarak tan\u0131mlan\u0131p devlet\u00e7e koruma alt\u0131na al\u0131nan, devlet-kurum-ki\u015fi aras\u0131ndaki \u00fc\u00e7l\u00fc bir ili\u015fkiyi ele alan, dar anlamda i\u015f kazas\u0131 ve meslek hastal\u0131\u011f\u0131, hastal\u0131k ve anal\u0131k sigorta kollar\u0131n\u0131 yani k\u0131sa vadeli sigorta kollar\u0131 ile, malull\u00fck, \u00f6l\u00fcm ve ya\u015fl\u0131l\u0131k sigorta kollar\u0131n\u0131 yani uzun vadeli sigorta kollar\u0131n\u0131 kapsayan bir kamu hukuku alan\u0131d\u0131r.<\/p>\n<p>\u0130\u015f Mahkemeleri ise kanunla \u00f6zel olarak kurulmu\u015f bireysel ve toplu hak uyu\u015fmazl\u0131klar\u0131n\u0131 \u00e7\u00f6zmekle g\u00f6revli mahkemelerdir. Yani i\u015f\u00e7i ve i\u015fverenlerin davalar\u0131nda yaln\u0131zca hukuki uyu\u015fmazl\u0131klar\u0131 \u00e7\u00f6zmekle g\u00f6revli olup idari ve cezai uyu\u015fmazl\u0131klar alan\u0131nda her ne kadar i\u015f kanunundan kaynakl\u0131 yapt\u0131r\u0131m olaca\u011f\u0131 belirtilmi\u015fse de bu durumlarda idare veya ceza mahkemelerine gidilmesi gerekmektedir. <br>Av. Asl\u0131 Hazal AKALIN Avukatl\u0131k ve Dan\u0131\u015fmanl\u0131k Ofisi, \u0130\u015f ve Sosyal G\u00fcvenlik Hukuku alan\u0131nda da m\u00fcvekkillere a\u015fa\u011f\u0131da belirtilen konularda avukatl\u0131k ve dan\u0131\u015fmanl\u0131k hizmeti vermektedir.<\/p>\n<p><b>TAZM\u0130NAT DAVALARI <\/b><br><\/p><ul><li>\u0130hbar Tazminat\u0131 Davalar\u0131 <\/li><li>K\u00f6t\u00fcniyet Tazminat\u0131 Davalar\u0131 <\/li><li>E\u015fit Davranmama Tazminat\u0131 Davalar\u0131 <\/li><li>K\u0131dem Tazminat\u0131 Davalar\u0131 <\/li><li>Rekabet Yasa\u011f\u0131 Davalar\u0131 <\/li><li>S\u00fcresinde Yap\u0131lan Fesih Sonucu Di\u011fer Tazminat Davalar\u0131 <\/li><li>\u0130\u015f g\u00fcvenli\u011fine \u0130li\u015fkin \u0130\u015f Kazas\u0131 ve Meslek Hastal\u0131\u011f\u0131 Davalar\u0131\n<\/li><\/ul><p>Toplu \u0130\u015f Hukukuyla \u0130lgili Tazminat Davalar\u0131 <br><\/p><ul><li>Profesyonel Sendika Y\u00f6neticisinin \u0130\u015fe Ba\u015flat\u0131lmamas\u0131 Nedeniyle Tazminat Davas\u0131 <\/li><li>Sendikal Tazminat Davalar\u0131\n<\/li><\/ul><p><br><\/p><p><b>ALACAK DAVALARI<\/b> <br><\/p><ul><li>\u00dccret Alaca\u011f\u0131 Davalar\u0131 <\/li><li>Fazla \u00c7al\u0131\u015fma \u00dccreti Alaca\u011f\u0131 Davalar\u0131 <\/li><li>Ulusal Bayram ve Genel Tatil \u00dccreti Davalar\u0131 <\/li><li>Hafta Tatili \u00dccreti Davalar\u0131 <\/li><li>Y\u0131ll\u0131k \u00dccretli \u0130zin Davalar\u0131 <\/li><li>E\u011fitim Giderleri Davalar\u0131 <\/li><li>Yeni \u0130\u015f Arama \u0130zni Davalar\u0131\n<\/li><\/ul><p><br><\/p><p>\u0130\u015f\u00e7i taraf\u0131nda i\u015f\u00e7i sendikas\u0131n\u0131n, i\u015fveren taraf\u0131nda ise i\u015fveren sendikas\u0131 ya da sendikaya \u00fcye olmaks\u0131z\u0131n do\u011frudan i\u015fverenin oldu\u011fu i\u015f s\u00f6zle\u015fmelerine \u201ctoplu i\u015f s\u00f6zle\u015fmesi\u201d denir.<br><\/p><ul><li>Toplu \u0130\u015f Hukukuyla \u0130lgili Alacak Davalar\u0131 <\/li><li>Sendika \u00dcyelik Aidat\u0131 Davalar\u0131 <\/li><li>Sendika Y\u00f6neticilerinin Alacak Davalar\u0131 <\/li><li>Toplu \u0130\u015f S\u00f6zle\u015fmesi Eda Davalar\u0131<\/li><\/ul><p><br><\/p><p><b>TESP\u0130T DAVALARI<\/b> <br><\/p><ul><li>\u0130\u015fkolu \u0130statisti\u011fine \u0130tiraz Davalar\u0131 <\/li><li>\u0130\u015fkolu Tespitine \u0130li\u015fkin \u0130tiraz Davalar\u0131 <\/li><li>Sendika Delegeli\u011fi Se\u00e7imine \u0130li\u015fkin \u0130tiraz Davalar\u0131 <\/li><li>Sendika Genel Kurulu \u0130ptal Davalar\u0131 <\/li><li>Y\u00f6netim Kurulu Kararlar\u0131n\u0131n \u0130ptali Davalar\u0131 <\/li><li>Disiplin Kurulu Kararlar\u0131n\u0131n \u0130ptali Davalar\u0131 <\/li><li>\u0130\u015f\u00e7i Sendikas\u0131n\u0131n Faaliyetlerinin Durdurulmas\u0131 ve Kapat\u0131lmas\u0131 Davalar\u0131 <\/li><li>Toplu \u0130\u015f S\u00f6zle\u015fmesi Yap\u0131lma Yetkisine \u0130li\u015fkin \u0130tiraz Davalar\u0131, <\/li><li>Toplu \u0130\u015f S\u00f6zle\u015fmesinin Yorumu Davalar\u0131<\/li><\/ul>\n<p><br><\/p><p><b>SOSYAL G\u00dcVENL\u0130K HAKKINDAN DO\u011eAN DAVALAR<\/b> <br><\/p><ul><li>Tazminat Davalar\u0131 <\/li><li>R\u00fccu Davalar\u0131 <\/li><li>Hizmet Tespiti Davalar\u0131 <\/li><li>\u0130\u015fsizlik Sigortas\u0131 Davalar\u0131<\/li><\/ul>\n<p><br><\/p><p>Avukatl\u0131k ofisimizde i\u015f ve sosyal g\u00fcvenlik hukukuyla ilgili davalarda m\u00fcvekkillerin hak kay\u0131plar\u0131 ya\u015famas\u0131n\u0131n \u00f6n\u00fcne ge\u00e7mek, hukuki s\u00fcrecin en iyi \u015fekilde takibini ba\u015ftan sona sa\u011fl\u0131kl\u0131 bir \u015fekilde y\u00fcr\u00fctebilmek ad\u0131na m\u00fcvekkillerle d\u00fczenli ileti\u015fim halinde kal\u0131narak \u00e7al\u0131\u015fmalar\u0131m\u0131z titizlik ve s\u0131k\u0131 bir disiplin i\u00e7erisinde y\u00fcr\u00fct\u00fclmektedir.<\/p>\t\t\t\t\t\t<\/div>\n\t\t\t\t<\/div>\n\t\t\t\t\t<\/div>\n\t\t<\/div>\n\t\t\t\t\t\t\t<\/div>\n\t\t<\/section>\n\t\t\t\t\t\t\t<\/div>\n\t\t","protected":false},"excerpt":{"rendered":"<p>\u0130\u015f Hukuku i\u015f\u00e7i ve i\u015fveren aras\u0131ndaki hizmet akdinden do\u011fan uyu\u015fmazl\u0131klar\u0131n \u00e7\u00f6z\u00fcmlenmesi, \u00e7al\u0131\u015fan\u0131n izinlerinden emeklilik s\u00fcrecine, i\u015fverenin i\u015ften \u00e7\u0131karma ve fesih uygulamas\u0131na kadar t\u00fcm \u00e7al\u0131\u015fma hayat\u0131 unsurlar\u0131 konular\u0131n\u0131 ele alan bir \u00f6zel hukuk dal\u0131 olup, Sosyal G\u00fcvenlik Hukuku ise anayasa taraf\u0131ndan sosyal g\u00fcvenlik hakk\u0131 olarak tan\u0131mlan\u0131p devlet\u00e7e koruma alt\u0131na al\u0131nan, devlet-kurum-ki\u015fi aras\u0131ndaki \u00fc\u00e7l\u00fc bir ili\u015fkiyi ele &hellip; <\/p>\n<p class=\"link-more\"><a href=\"https:\/\/aslihazalakalin.av.tr\/tr\/index.php\/is-ve-sosyal-guvenlik-hukuku\/\" class=\"more-link\"><span class=\"screen-reader-text\"> &#8220;\u0130\u015f ve Sosyal G\u00fcvenlik Hukuku&#8221;<\/span>devam\u0131n\u0131 oku<\/a><\/p>\n","protected":false},"author":1,"featured_media":296,"parent":0,"menu_order":0,"comment_status":"closed","ping_status":"closed","template":"","meta":{"footnotes":""},"class_list":["post-334","page","type-page","status-publish","has-post-thumbnail","hentry"],"featured_media_urls":{"thumbnail":["https:\/\/aslihazalakalin.av.tr\/tr\/wp-content\/uploads\/2023\/08\/ZonguldakveAdaletSarayi-Arkaplan2000x318-150x150.png",150,150,true],"medium":["https:\/\/aslihazalakalin.av.tr\/tr\/wp-content\/uploads\/2023\/08\/ZonguldakveAdaletSarayi-Arkaplan2000x318-300x48.png",300,48,true],"medium_large":["https:\/\/aslihazalakalin.av.tr\/tr\/wp-content\/uploads\/2023\/08\/ZonguldakveAdaletSarayi-Arkaplan2000x318-768x122.png",768,122,true],"large":["https:\/\/aslihazalakalin.av.tr\/tr\/wp-content\/uploads\/2023\/08\/ZonguldakveAdaletSarayi-Arkaplan2000x318-1024x163.png",950,151,true],"1536x1536":["https:\/\/aslihazalakalin.av.tr\/tr\/wp-content\/uploads\/2023\/08\/ZonguldakveAdaletSarayi-Arkaplan2000x318-1536x244.png",1536,244,true],"2048x2048":["https:\/\/aslihazalakalin.av.tr\/tr\/wp-content\/uploads\/2023\/08\/ZonguldakveAdaletSarayi-Arkaplan2000x318.png",2000,318,false],"inspiro-featured-image":["https:\/\/aslihazalakalin.av.tr\/tr\/wp-content\/uploads\/2023\/08\/ZonguldakveAdaletSarayi-Arkaplan2000x318.png",2000,318,false],"inspiro-loop":["https:\/\/aslihazalakalin.av.tr\/tr\/wp-content\/uploads\/2023\/08\/ZonguldakveAdaletSarayi-Arkaplan2000x318-950x318.png",950,318,true],"inspiro-loop@2x":["https:\/\/aslihazalakalin.av.tr\/tr\/wp-content\/uploads\/2023\/08\/ZonguldakveAdaletSarayi-Arkaplan2000x318-1900x318.png",1900,318,true],"portfolio_item-thumbnail":["https:\/\/aslihazalakalin.av.tr\/tr\/wp-content\/uploads\/2023\/08\/ZonguldakveAdaletSarayi-Arkaplan2000x318-600x318.png",600,318,true],"portfolio_item-thumbnail@2x":["https:\/\/aslihazalakalin.av.tr\/tr\/wp-content\/uploads\/2023\/08\/ZonguldakveAdaletSarayi-Arkaplan2000x318-1200x318.png",1200,318,true],"portfolio_item-masonry":["https:\/\/aslihazalakalin.av.tr\/tr\/wp-content\/uploads\/2023\/08\/ZonguldakveAdaletSarayi-Arkaplan2000x318-600x95.png",600,95,true],"portfolio_item-masonry@2x":["https:\/\/aslihazalakalin.av.tr\/tr\/wp-content\/uploads\/2023\/08\/ZonguldakveAdaletSarayi-Arkaplan2000x318-1200x191.png",1200,191,true],"portfolio_item-thumbnail_cinema":["https:\/\/aslihazalakalin.av.tr\/tr\/wp-content\/uploads\/2023\/08\/ZonguldakveAdaletSarayi-Arkaplan2000x318-800x318.png",800,318,true],"portfolio_item-thumbnail_portrait":["https:\/\/aslihazalakalin.av.tr\/tr\/wp-content\/uploads\/2023\/08\/ZonguldakveAdaletSarayi-Arkaplan2000x318-600x318.png",600,318,true],"portfolio_item-thumbnail_portrait@2x":["https:\/\/aslihazalakalin.av.tr\/tr\/wp-content\/uploads\/2023\/08\/ZonguldakveAdaletSarayi-Arkaplan2000x318-1200x318.png",1200,318,true],"portfolio_item-thumbnail_square":["https:\/\/aslihazalakalin.av.tr\/tr\/wp-content\/uploads\/2023\/08\/ZonguldakveAdaletSarayi-Arkaplan2000x318-800x318.png",800,318,true]},"_links":{"self":[{"href":"https:\/\/aslihazalakalin.av.tr\/tr\/index.php\/wp-json\/wp\/v2\/pages\/334","targetHints":{"allow":["GET"]}}],"collection":[{"href":"https:\/\/aslihazalakalin.av.tr\/tr\/index.php\/wp-json\/wp\/v2\/pages"}],"about":[{"href":"https:\/\/aslihazalakalin.av.tr\/tr\/index.php\/wp-json\/wp\/v2\/types\/page"}],"author":[{"embeddable":true,"href":"https:\/\/aslihazalakalin.av.tr\/tr\/index.php\/wp-json\/wp\/v2\/users\/1"}],"replies":[{"embeddable":true,"href":"https:\/\/aslihazalakalin.av.tr\/tr\/index.php\/wp-json\/wp\/v2\/comments?post=334"}],"version-history":[{"count":5,"href":"https:\/\/aslihazalakalin.av.tr\/tr\/index.php\/wp-json\/wp\/v2\/pages\/334\/revisions"}],"predecessor-version":[{"id":339,"href":"https:\/\/aslihazalakalin.av.tr\/tr\/index.php\/wp-json\/wp\/v2\/pages\/334\/revisions\/339"}],"wp:featuredmedia":[{"embeddable":true,"href":"https:\/\/aslihazalakalin.av.tr\/tr\/index.php\/wp-json\/wp\/v2\/media\/296"}],"wp:attachment":[{"href":"https:\/\/aslihazalakalin.av.tr\/tr\/index.php\/wp-json\/wp\/v2\/media?parent=334"}],"curies":[{"name":"wp","href":"https:\/\/api.w.org\/{rel}","templated":true}]}}