{"id":274,"date":"2023-08-28T13:43:06","date_gmt":"2023-08-28T10:43:06","guid":{"rendered":"https:\/\/aslihazalakalin.av.tr\/tr\/?page_id=274"},"modified":"2023-08-29T14:39:53","modified_gmt":"2023-08-29T11:39:53","slug":"ceza-ve-ceza-usul-hukuku","status":"publish","type":"page","link":"https:\/\/aslihazalakalin.av.tr\/tr\/index.php\/ceza-ve-ceza-usul-hukuku\/","title":{"rendered":"Ceza ve Ceza Usul Hukuku"},"content":{"rendered":"\t\t<div data-elementor-type=\"wp-page\" data-elementor-id=\"274\" class=\"elementor elementor-274\">\n\t\t\t\t\t\t\t\t\t<section class=\"elementor-section elementor-top-section elementor-element elementor-element-4b380f10 elementor-section-boxed elementor-section-height-default elementor-section-height-default\" data-id=\"4b380f10\" data-element_type=\"section\">\n\t\t\t\t\t\t<div class=\"elementor-container elementor-column-gap-default\">\n\t\t\t\t\t<div class=\"elementor-column elementor-col-100 elementor-top-column elementor-element elementor-element-508187b3\" data-id=\"508187b3\" data-element_type=\"column\">\n\t\t\t<div class=\"elementor-widget-wrap elementor-element-populated\">\n\t\t\t\t\t\t\t\t<div class=\"elementor-element elementor-element-4003a64c elementor-widget elementor-widget-text-editor\" data-id=\"4003a64c\" data-element_type=\"widget\" data-widget_type=\"text-editor.default\">\n\t\t\t\t<div class=\"elementor-widget-container\">\n\t\t\t<style>\/*! elementor - v3.15.0 - 20-08-2023 *\/\n.elementor-widget-text-editor.elementor-drop-cap-view-stacked .elementor-drop-cap{background-color:#69727d;color:#fff}.elementor-widget-text-editor.elementor-drop-cap-view-framed .elementor-drop-cap{color:#69727d;border:3px solid;background-color:transparent}.elementor-widget-text-editor:not(.elementor-drop-cap-view-default) .elementor-drop-cap{margin-top:8px}.elementor-widget-text-editor:not(.elementor-drop-cap-view-default) .elementor-drop-cap-letter{width:1em;height:1em}.elementor-widget-text-editor .elementor-drop-cap{float:left;text-align:center;line-height:1;font-size:50px}.elementor-widget-text-editor .elementor-drop-cap-letter{display:inline-block}<\/style>\t\t\t\t<p><!-- wp:paragraph --><\/p>\n<p>Hukuksuz bir toplum d\u00fc\u015f\u00fcn\u00fclemez. Hukuk Genel iradenin bir yans\u0131mas\u0131d\u0131r. Ceza Hukuku da toplum i\u00e7erisinde yapmak veya yapmamak bi\u00e7iminde ortaya \u00e7\u0131kan davran\u0131\u015flar\u0131n, genel iradece k\u00f6t\u00fc, yanl\u0131\u015f olarak nitelendirilen davran\u0131\u015flar\u0131n bir yapt\u0131r\u0131m\u0131 olmas\u0131 gereklili\u011finden yola \u00e7\u0131karak devlet mekanizmas\u0131 taraf\u0131ndan yaz\u0131l\u0131 kurallar \u00e7er\u00e7evesince belli emirler, buyruklar, yasaklar uygulanmas\u0131 sonucunda meydana gelmi\u015ftir.<\/p>\n<p>Ceza Hukukunun en \u00f6nemli kavram\u0131 elbetteki SU\u00c7\u2019tur. Su\u00e7 kayna\u011f\u0131 insanda bulunan, hukuk d\u00fczenin kendisine bir ceza m\u00fceyyidesi ba\u011flad\u0131\u011f\u0131 be\u015feri her fiildir. Fiilsiz su\u00e7 olmaz. Bu nedenle d\u00fc\u015f\u00fcnce inan\u00e7 ve kanaat eyleme ge\u00e7medi\u011fi i\u00e7in su\u00e7un konusu olmaz.<\/p>\n<p>K\u0131sacas\u0131 daha basit bir tabirle Ceza Hukuku, su\u00e7 te\u015fkil eden bir haks\u0131zl\u0131\u011f\u0131n bir ki\u015fi taraf\u0131ndan hakk\u0131nda i\u015flemi\u015f oldu\u011fu \u015f\u00fcphesi mevcutsa,&nbsp;ceza hukuku&nbsp;yapt\u0131r\u0131m\u0131 uygulanabilmesi i\u00e7in gerekli \u015fartlar\u0131n olu\u015fup olu\u015fmad\u0131\u011f\u0131 ile ilgilenen bir&nbsp;hukuk&nbsp;dal\u0131d\u0131r. Bu ba\u011flamda ceza avukatlar\u0131 ise bir ki\u015fi hakk\u0131nda \u015fu\u00e7 i\u015fledi\u011fi \u015f\u00fcphesi akabinde \u015fikayete tabi bir su\u00e7sa \u015fikayetle yahut savc\u0131n\u0131n resen bir iddianame d\u00fczenlemesinden, iddianamenin kabul a\u015famas\u0131na kadar olan soru\u015fturma evresinde gerek \u015fikayet\u00e7i gerek \u015f\u00fcphelinin, iddianamenin kabul a\u015famas\u0131 ve h\u00fckm\u00fcn kesinle\u015fmesine kadar s\u00fcren mahkeme a\u015famas\u0131nda da m\u00fc\u015fteki kat\u0131lan yahut san\u0131k taraf\u0131 temsil ederek her t\u00fcrl\u00fc haklar\u0131n\u0131, yahut haks\u0131zl\u0131klar\u0131n ortaya \u00e7\u0131kar\u0131lmas\u0131 i\u00e7in \u00e7al\u0131\u015fan bir savunma mekanizmas\u0131 g\u00f6revini \u00fcstlenmektedir.<\/p>\n<p><!-- \/wp:paragraph --><\/p>\n<p><!-- wp:paragraph --><\/p>\n<p><b>&nbsp;<\/b><\/p>\n<p><b>Ceza davalar\u0131 \u015fu mahkemelerde g\u00f6r\u00fcl\u00fcr:<\/b><\/p>\n<p><!-- \/wp:paragraph --><\/p>\n<p><!-- wp:paragraph --><\/p>\n<p>Sulh Ceza Mahkemesi, Asliye Ceza Mahkemesi, A\u011f\u0131r Ceza Mahkemesi, \u00c7ocuk Mahkemesi, \u00c7ocuk A\u011f\u0131r Ceza Mahkemesi, Fikri ve S\u0131nai Haklar Ceza Mahkemesi.<\/p>\n<p><!-- \/wp:paragraph --><\/p>\n<p><!-- wp:paragraph --><\/p>\n<p><\/p>\n<p>Ceza davalar\u0131nda s\u00fcre\u00e7ler soru\u015fturma a\u015famas\u0131, kovu\u015fturma a\u015famas\u0131, istinaf a\u015famas\u0131 ve temyiz \/ yarg\u0131tay a\u015famas\u0131 \u015feklindedir.<\/p>\n<p><!-- \/wp:paragraph --><\/p>\n<p><!-- wp:paragraph --><\/p>\n<p><\/p>\n<p>Ceza hukuku olduk\u00e7a kapsaml\u0131 ve teferruatl\u0131 bir hukuk dal\u0131d\u0131r. Bu nedenle hukuki s\u00fcre\u00e7te hak kay\u0131plar\u0131ndan kaynakl\u0131 ma\u011fduriyet ya\u015fanmamas\u0131, kararlar\u0131n do\u011fru uygulanmas\u0131 olduk\u00e7a elzem konulard\u0131r. Av. Asl\u0131 Hazal AKALIN Avukatl\u0131k ve Dan\u0131\u015fmanl\u0131k Ofisi, Ceza ve Ceza Usul Hukuku alan\u0131nda da m\u00fcvekkillere a\u015fa\u011f\u0131da belirtilen konularda avukatl\u0131k ve dan\u0131\u015fmanl\u0131k hizmeti vermektedir.<\/p>\n<ul>\n<li>Savc\u0131l\u0131\u011fa \u015fikayet ve su\u00e7 duyurusunda bulunma<\/li>\n<li>\u015eikayet\u00e7i, m\u00fcdahil veya \u015f\u00fcpheli \/ san\u0131k avukat\u0131 olarak ceza davalar\u0131 s\u00fcre\u00e7lerini takip etmek, bu ba\u011flamda; yakalama, g\u00f6zalt\u0131, tutuklama, adl\u00ee kontrol vs. koruma tedbirleri s\u00fcre\u00e7lerinde m\u00fcvekkile her t\u00fcrl\u00fc hukuki yard\u0131m ve deste\u011fi sa\u011flamak<\/li>\n<li>Avrupa \u0130nsan Haklar\u0131 Mahkemesine ba\u015fvuru<\/li>\n<li>Anayasa Mahkemesine bireysel ba\u015fvuru<\/li>\n<\/ul>\n<p>Avukatl\u0131k ofisimizde ceza hukukuyla ilgili davalarda m\u00fcvekkillerin hak kay\u0131plar\u0131 ya\u015famas\u0131n\u0131n \u00f6n\u00fcne ge\u00e7mek , hukuki s\u00fcrecin en iyi \u015fekilde takibini ba\u015ftan sona sa\u011fl\u0131kl\u0131 bir \u015fekilde y\u00fcr\u00fctebilmek ad\u0131na m\u00fcvekkillerle d\u00fczenli ileti\u015fim halinde kal\u0131narak \u00e7al\u0131\u015fmalar\u0131m\u0131z titizlik ve s\u0131k\u0131 bir disiplin i\u00e7erisinde y\u00fcr\u00fct\u00fclmektedir.<\/p>\n<p><!-- \/wp:paragraph --><\/p>\t\t\t\t\t\t<\/div>\n\t\t\t\t<\/div>\n\t\t\t\t\t<\/div>\n\t\t<\/div>\n\t\t\t\t\t\t\t<\/div>\n\t\t<\/section>\n\t\t\t\t\t\t\t<\/div>\n\t\t","protected":false},"excerpt":{"rendered":"<p>Hukuksuz bir toplum d\u00fc\u015f\u00fcn\u00fclemez. Hukuk Genel iradenin bir yans\u0131mas\u0131d\u0131r. Ceza Hukuku da toplum i\u00e7erisinde yapmak veya yapmamak bi\u00e7iminde ortaya \u00e7\u0131kan davran\u0131\u015flar\u0131n, genel iradece k\u00f6t\u00fc, yanl\u0131\u015f olarak nitelendirilen davran\u0131\u015flar\u0131n bir yapt\u0131r\u0131m\u0131 olmas\u0131 gereklili\u011finden yola \u00e7\u0131karak devlet mekanizmas\u0131 taraf\u0131ndan yaz\u0131l\u0131 kurallar \u00e7er\u00e7evesince belli emirler, buyruklar, yasaklar uygulanmas\u0131 sonucunda meydana gelmi\u015ftir. Ceza Hukukunun en \u00f6nemli kavram\u0131 elbetteki SU\u00c7\u2019tur. &hellip; <\/p>\n<p class=\"link-more\"><a href=\"https:\/\/aslihazalakalin.av.tr\/tr\/index.php\/ceza-ve-ceza-usul-hukuku\/\" class=\"more-link\"><span class=\"screen-reader-text\"> &#8220;Ceza ve Ceza Usul Hukuku&#8221;<\/span>devam\u0131n\u0131 oku<\/a><\/p>\n","protected":false},"author":1,"featured_media":296,"parent":0,"menu_order":0,"comment_status":"closed","ping_status":"closed","template":"","meta":{"footnotes":""},"class_list":["post-274","page","type-page","status-publish","has-post-thumbnail","hentry"],"featured_media_urls":{"thumbnail":["https:\/\/aslihazalakalin.av.tr\/tr\/wp-content\/uploads\/2023\/08\/ZonguldakveAdaletSarayi-Arkaplan2000x318-150x150.png",150,150,true],"medium":["https:\/\/aslihazalakalin.av.tr\/tr\/wp-content\/uploads\/2023\/08\/ZonguldakveAdaletSarayi-Arkaplan2000x318-300x48.png",300,48,true],"medium_large":["https:\/\/aslihazalakalin.av.tr\/tr\/wp-content\/uploads\/2023\/08\/ZonguldakveAdaletSarayi-Arkaplan2000x318-768x122.png",768,122,true],"large":["https:\/\/aslihazalakalin.av.tr\/tr\/wp-content\/uploads\/2023\/08\/ZonguldakveAdaletSarayi-Arkaplan2000x318-1024x163.png",950,151,true],"1536x1536":["https:\/\/aslihazalakalin.av.tr\/tr\/wp-content\/uploads\/2023\/08\/ZonguldakveAdaletSarayi-Arkaplan2000x318-1536x244.png",1536,244,true],"2048x2048":["https:\/\/aslihazalakalin.av.tr\/tr\/wp-content\/uploads\/2023\/08\/ZonguldakveAdaletSarayi-Arkaplan2000x318.png",2000,318,false],"inspiro-featured-image":["https:\/\/aslihazalakalin.av.tr\/tr\/wp-content\/uploads\/2023\/08\/ZonguldakveAdaletSarayi-Arkaplan2000x318.png",2000,318,false],"inspiro-loop":["https:\/\/aslihazalakalin.av.tr\/tr\/wp-content\/uploads\/2023\/08\/ZonguldakveAdaletSarayi-Arkaplan2000x318-950x318.png",950,318,true],"inspiro-loop@2x":["https:\/\/aslihazalakalin.av.tr\/tr\/wp-content\/uploads\/2023\/08\/ZonguldakveAdaletSarayi-Arkaplan2000x318-1900x318.png",1900,318,true],"portfolio_item-thumbnail":["https:\/\/aslihazalakalin.av.tr\/tr\/wp-content\/uploads\/2023\/08\/ZonguldakveAdaletSarayi-Arkaplan2000x318-600x318.png",600,318,true],"portfolio_item-thumbnail@2x":["https:\/\/aslihazalakalin.av.tr\/tr\/wp-content\/uploads\/2023\/08\/ZonguldakveAdaletSarayi-Arkaplan2000x318-1200x318.png",1200,318,true],"portfolio_item-masonry":["https:\/\/aslihazalakalin.av.tr\/tr\/wp-content\/uploads\/2023\/08\/ZonguldakveAdaletSarayi-Arkaplan2000x318-600x95.png",600,95,true],"portfolio_item-masonry@2x":["https:\/\/aslihazalakalin.av.tr\/tr\/wp-content\/uploads\/2023\/08\/ZonguldakveAdaletSarayi-Arkaplan2000x318-1200x191.png",1200,191,true],"portfolio_item-thumbnail_cinema":["https:\/\/aslihazalakalin.av.tr\/tr\/wp-content\/uploads\/2023\/08\/ZonguldakveAdaletSarayi-Arkaplan2000x318-800x318.png",800,318,true],"portfolio_item-thumbnail_portrait":["https:\/\/aslihazalakalin.av.tr\/tr\/wp-content\/uploads\/2023\/08\/ZonguldakveAdaletSarayi-Arkaplan2000x318-600x318.png",600,318,true],"portfolio_item-thumbnail_portrait@2x":["https:\/\/aslihazalakalin.av.tr\/tr\/wp-content\/uploads\/2023\/08\/ZonguldakveAdaletSarayi-Arkaplan2000x318-1200x318.png",1200,318,true],"portfolio_item-thumbnail_square":["https:\/\/aslihazalakalin.av.tr\/tr\/wp-content\/uploads\/2023\/08\/ZonguldakveAdaletSarayi-Arkaplan2000x318-800x318.png",800,318,true]},"_links":{"self":[{"href":"https:\/\/aslihazalakalin.av.tr\/tr\/index.php\/wp-json\/wp\/v2\/pages\/274","targetHints":{"allow":["GET"]}}],"collection":[{"href":"https:\/\/aslihazalakalin.av.tr\/tr\/index.php\/wp-json\/wp\/v2\/pages"}],"about":[{"href":"https:\/\/aslihazalakalin.av.tr\/tr\/index.php\/wp-json\/wp\/v2\/types\/page"}],"author":[{"embeddable":true,"href":"https:\/\/aslihazalakalin.av.tr\/tr\/index.php\/wp-json\/wp\/v2\/users\/1"}],"replies":[{"embeddable":true,"href":"https:\/\/aslihazalakalin.av.tr\/tr\/index.php\/wp-json\/wp\/v2\/comments?post=274"}],"version-history":[{"count":11,"href":"https:\/\/aslihazalakalin.av.tr\/tr\/index.php\/wp-json\/wp\/v2\/pages\/274\/revisions"}],"predecessor-version":[{"id":297,"href":"https:\/\/aslihazalakalin.av.tr\/tr\/index.php\/wp-json\/wp\/v2\/pages\/274\/revisions\/297"}],"wp:featuredmedia":[{"embeddable":true,"href":"https:\/\/aslihazalakalin.av.tr\/tr\/index.php\/wp-json\/wp\/v2\/media\/296"}],"wp:attachment":[{"href":"https:\/\/aslihazalakalin.av.tr\/tr\/index.php\/wp-json\/wp\/v2\/media?parent=274"}],"curies":[{"name":"wp","href":"https:\/\/api.w.org\/{rel}","templated":true}]}}